{"id":8060,"date":"2023-05-20T13:46:15","date_gmt":"2023-05-20T11:46:15","guid":{"rendered":"https:\/\/solarlehre.ch\/subida\/"},"modified":"2024-03-11T09:38:28","modified_gmt":"2024-03-11T08:38:28","slug":"subida","status":"publish","type":"page","link":"https:\/\/solarlehre.ch\/pt-pt\/subida\/","title":{"rendered":"Ascens\u00e3o profissional"},"content":{"rendered":"\t\t<div data-elementor-type=\"wp-page\" data-elementor-id=\"8060\" class=\"elementor elementor-8060 elementor-3007\" data-elementor-settings=\"{&quot;ha_cmc_init_switcher&quot;:&quot;no&quot;}\" data-elementor-post-type=\"page\">\n\t\t\t\t\t\t<section class=\"elementor-section elementor-top-section elementor-element elementor-element-1cf8973 elementor-section-boxed elementor-section-height-default elementor-section-height-default\" data-id=\"1cf8973\" data-element_type=\"section\" data-e-type=\"section\" data-settings=\"{&quot;_ha_eqh_enable&quot;:false}\">\n\t\t\t\t\t\t<div class=\"elementor-container elementor-column-gap-default\">\n\t\t\t\t\t<div class=\"elementor-column elementor-col-50 elementor-top-column elementor-element elementor-element-5efbd6f\" data-id=\"5efbd6f\" data-element_type=\"column\" data-e-type=\"column\">\n\t\t\t<div class=\"elementor-widget-wrap elementor-element-populated\">\n\t\t\t\t\t\t<div class=\"elementor-element elementor-element-1b15ceb elementor-widget elementor-widget-heading\" data-id=\"1b15ceb\" data-element_type=\"widget\" data-e-type=\"widget\" data-widget_type=\"heading.default\">\n\t\t\t\t<div class=\"elementor-widget-container\">\n\t\t\t\t\t<h1 class=\"elementor-heading-title elementor-size-default\">PERSPETIVAS<\/h1>\t\t\t\t<\/div>\n\t\t\t\t<\/div>\n\t\t\t\t<div class=\"elementor-element elementor-element-11adc8a elementor-widget elementor-widget-text-editor\" data-id=\"11adc8a\" data-element_type=\"widget\" data-e-type=\"widget\" data-widget_type=\"text-editor.default\">\n\t\t\t\t<div class=\"elementor-widget-container\">\n\t\t\t\t\t\t\t\t\t<p>Aqui, andamos sempre para cima. Mesmo a tua carreira! Com o BMS, podes mesmo mais tarde ingressar na Escola Superior Profissional Especializada.<\/p>\t\t\t\t\t\t\t\t<\/div>\n\t\t\t\t<\/div>\n\t\t\t\t\t<\/div>\n\t\t<\/div>\n\t\t\t\t<div class=\"elementor-column elementor-col-50 elementor-top-column elementor-element elementor-element-4100769\" data-id=\"4100769\" data-element_type=\"column\" data-e-type=\"column\">\n\t\t\t<div class=\"elementor-widget-wrap elementor-element-populated\">\n\t\t\t\t\t\t<div class=\"elementor-element elementor-element-cea6013 elementor-widget__width-initial ss-gif elementor-widget elementor-widget-video\" data-id=\"cea6013\" data-element_type=\"widget\" data-e-type=\"widget\" data-settings=\"{&quot;video_type&quot;:&quot;hosted&quot;,&quot;motion_fx_motion_fx_scrolling&quot;:&quot;yes&quot;,&quot;motion_fx_translateY_effect&quot;:&quot;yes&quot;,&quot;motion_fx_translateY_speed&quot;:{&quot;unit&quot;:&quot;px&quot;,&quot;size&quot;:2,&quot;sizes&quot;:[]},&quot;autoplay&quot;:&quot;yes&quot;,&quot;play_on_mobile&quot;:&quot;yes&quot;,&quot;mute&quot;:&quot;yes&quot;,&quot;loop&quot;:&quot;yes&quot;,&quot;motion_fx_translateY_affectedRange&quot;:{&quot;unit&quot;:&quot;%&quot;,&quot;size&quot;:&quot;&quot;,&quot;sizes&quot;:{&quot;start&quot;:0,&quot;end&quot;:100}},&quot;motion_fx_devices&quot;:[&quot;desktop&quot;,&quot;tablet&quot;,&quot;mobile&quot;]}\" data-widget_type=\"video.default\">\n\t\t\t\t<div class=\"elementor-widget-container\">\n\t\t\t\t\t\t\t<div class=\"e-hosted-video elementor-wrapper elementor-open-inline\">\n\t\t\t\t\t<video class=\"elementor-video\" src=\"https:\/\/solarlehre.ch\/wp-content\/uploads\/2023\/06\/Swissolar-GIF-3.mp4\" autoplay=\"\" loop=\"\" muted=\"muted\" playsinline=\"\" controlsList=\"nodownload\" poster=\"https:\/\/solarlehre.ch\/wp-content\/uploads\/2023\/07\/Swissolar-GIF-3_Fallback.jpg\"><\/video>\n\t\t\t\t<\/div>\n\t\t\t\t\t\t<\/div>\n\t\t\t\t<\/div>\n\t\t\t\t<div class=\"elementor-element elementor-element-8b2d800 elementor-widget__width-initial ss-gif elementor-widget elementor-widget-video\" data-id=\"8b2d800\" data-element_type=\"widget\" data-e-type=\"widget\" data-settings=\"{&quot;video_type&quot;:&quot;hosted&quot;,&quot;motion_fx_motion_fx_scrolling&quot;:&quot;yes&quot;,&quot;motion_fx_translateY_effect&quot;:&quot;yes&quot;,&quot;motion_fx_translateY_direction&quot;:&quot;negative&quot;,&quot;motion_fx_translateY_speed&quot;:{&quot;unit&quot;:&quot;px&quot;,&quot;size&quot;:1.5,&quot;sizes&quot;:[]},&quot;autoplay&quot;:&quot;yes&quot;,&quot;play_on_mobile&quot;:&quot;yes&quot;,&quot;mute&quot;:&quot;yes&quot;,&quot;loop&quot;:&quot;yes&quot;,&quot;motion_fx_translateY_affectedRange&quot;:{&quot;unit&quot;:&quot;%&quot;,&quot;size&quot;:&quot;&quot;,&quot;sizes&quot;:{&quot;start&quot;:0,&quot;end&quot;:100}},&quot;motion_fx_devices&quot;:[&quot;desktop&quot;,&quot;tablet&quot;,&quot;mobile&quot;]}\" data-widget_type=\"video.default\">\n\t\t\t\t<div class=\"elementor-widget-container\">\n\t\t\t\t\t\t\t<div class=\"e-hosted-video elementor-wrapper elementor-open-inline\">\n\t\t\t\t\t<video class=\"elementor-video\" src=\"https:\/\/solarlehre.ch\/wp-content\/uploads\/2023\/06\/Swissolar-GIF-9.mp4\" autoplay=\"\" loop=\"\" muted=\"muted\" playsinline=\"\" controlsList=\"nodownload\" poster=\"https:\/\/solarlehre.ch\/wp-content\/uploads\/2023\/07\/Swissolar-GIF-9_Fallback.jpg\"><\/video>\n\t\t\t\t<\/div>\n\t\t\t\t\t\t<\/div>\n\t\t\t\t<\/div>\n\t\t\t\t<div class=\"elementor-element elementor-element-6c9a405 elementor-widget__width-initial ss-gif elementor-widget elementor-widget-video\" data-id=\"6c9a405\" data-element_type=\"widget\" data-e-type=\"widget\" data-settings=\"{&quot;video_type&quot;:&quot;hosted&quot;,&quot;motion_fx_motion_fx_scrolling&quot;:&quot;yes&quot;,&quot;motion_fx_translateY_effect&quot;:&quot;yes&quot;,&quot;motion_fx_translateY_speed&quot;:{&quot;unit&quot;:&quot;px&quot;,&quot;size&quot;:3,&quot;sizes&quot;:[]},&quot;autoplay&quot;:&quot;yes&quot;,&quot;play_on_mobile&quot;:&quot;yes&quot;,&quot;mute&quot;:&quot;yes&quot;,&quot;loop&quot;:&quot;yes&quot;,&quot;motion_fx_translateY_affectedRange&quot;:{&quot;unit&quot;:&quot;%&quot;,&quot;size&quot;:&quot;&quot;,&quot;sizes&quot;:{&quot;start&quot;:0,&quot;end&quot;:100}},&quot;motion_fx_devices&quot;:[&quot;desktop&quot;,&quot;tablet&quot;,&quot;mobile&quot;]}\" data-widget_type=\"video.default\">\n\t\t\t\t<div class=\"elementor-widget-container\">\n\t\t\t\t\t\t\t<div class=\"e-hosted-video elementor-wrapper elementor-open-inline\">\n\t\t\t\t\t<video class=\"elementor-video\" src=\"https:\/\/solarlehre.ch\/wp-content\/uploads\/2023\/06\/Swissolar-GIF-11.mp4\" autoplay=\"\" loop=\"\" muted=\"muted\" playsinline=\"\" controlsList=\"nodownload\" poster=\"https:\/\/solarlehre.ch\/wp-content\/uploads\/2023\/07\/Swissolar-GIF-12_Fallback.jpg\"><\/video>\n\t\t\t\t<\/div>\n\t\t\t\t\t\t<\/div>\n\t\t\t\t<\/div>\n\t\t\t\t\t<\/div>\n\t\t<\/div>\n\t\t\t\t\t<\/div>\n\t\t<\/section>\n\t\t\t\t<section class=\"elementor-section elementor-top-section elementor-element elementor-element-510fa43 elementor-section-boxed elementor-section-height-default elementor-section-height-default\" data-id=\"510fa43\" data-element_type=\"section\" data-e-type=\"section\" data-settings=\"{&quot;_ha_eqh_enable&quot;:false}\">\n\t\t\t\t\t\t<div class=\"elementor-container elementor-column-gap-default\">\n\t\t\t\t\t<div class=\"elementor-column elementor-col-100 elementor-top-column elementor-element elementor-element-041283e\" data-id=\"041283e\" data-element_type=\"column\" data-e-type=\"column\">\n\t\t\t<div class=\"elementor-widget-wrap elementor-element-populated\">\n\t\t\t\t\t\t<div class=\"elementor-element elementor-element-6d6c087 elementor-widget elementor-widget-ucaddon_stories_big_teaser\" data-id=\"6d6c087\" data-element_type=\"widget\" data-e-type=\"widget\" data-widget_type=\"ucaddon_stories_big_teaser.default\">\n\t\t\t\t<div class=\"elementor-widget-container\">\n\t\t\t\t\t\n<!-- start Stories Big Teaser -->\n\t\t<link id='uc_ac_assets_file_stories_teaser_css_1384-css' href='https:\/\/solarlehre.ch\/wp-content\/uploads\/ac_assets\/stories_big_teaser\/stories-teaser.css' type='text\/css' rel='stylesheet' >\n\n<style>\/* widget: Stories Big Teaser *\/\n\n.storie-item.storie-smiliey .panel {\n  padding-top: 50px;\n  padding-bottom: 30px;\n  \n}\n.storie-item.storie-smiliey .smiliey-wrap {\n  padding-bottom: 16px;\n  text-align: center;\n}\n.storie-item.storie-smiliey .smiliey-wrap img {\n  width: 60%;\n  height: auto;\n}\n.storie-item.storie-smiliey .text,\n.storie-item.storie-smiliey .unit {\n  text-align: center;\n}\n.storie-item.storie-smiliey .unit {\n  padding-top: 20px;\n}\n.storie-item.storie-smiliey .text {\n  min-height: 132px;\n}\n\n<\/style>\n\n<div id=\"uc_stories_big_teaser_elementor_6d6c087\" class=\"stories-teaser\">\n  <div class=\"storie-item storie-smiliey\">\n  <h3 class=\"uc_post_list_title\">Curso de forma\u00e7\u00e3o profissional com Diploma de estudos secund\u00e1rios profissionais - o que preciso de saber?<\/h3>\n\n  <div class=\"panel-scroll-wrap\">\n    <div class=\"panel-wrap\">\n      <div class=\"panel panel-1\" style=\"background-color: #FFC815\">\n        <div class=\"smiliey-wrap\">\n          <img decoding=\"async\" src=\"https:\/\/solarlehre.ch\/wp-content\/uploads\/2023\/06\/SOLA-Blog-Berufsmatura-1_Dauer.png\" >\n        <\/div>\n        <div class=\"txt-wrap\">\n          <div class=\"text\"><strong>Dura\u00e7\u00e3o<\/strong><br>Se tiveste boas notas no ensino basico, est\u00e1s motivado e queres continuar a aprender a obten\u00e7\u00e3o do Diploma do Ensino Secund\u00e1rio Profissional \u00e9 uma excelente oportunidade para ti. Com o BM1, frequentas tamb\u00e9m a escola profissional um dia por semana.<\/div>\n          <div class=\"unit\">1\/3<\/div>\n        <\/div>\n      <\/div>\n\n      <div class=\"panel panel-2\" style=\"background-color: #AAE6FF\">\n        <div class=\"smiliey-wrap\">\n          <img decoding=\"async\" src=\"https:\/\/solarlehre.ch\/wp-content\/uploads\/2023\/06\/SOLA-Blog-Berufsmatura-2_Studium.png\" >\n        <\/div>\n        <div class=\"txt-wrap\">\n          <div class=\"text\"><strong>Estudo<\/strong><br>Tamb\u00e9m \u00e9 poss\u00edvel concluir o Diploma do Ensino Secund\u00e1rio Profissional ap\u00f3s o curso de forma\u00e7\u00e3o profissional - a tempo inteiro durante um ano ou a tempo parcial durante 1,5 a 2,5 anos.<\/div>\n          <div class=\"unit\">2\/3<\/div>\n        <\/div>\n      <\/div>\n\n      <div class=\"panel panel-3\" style=\"background-color: #EB2948\">\n        <div class=\"smiliey-wrap\">\n          <img decoding=\"async\" src=\"https:\/\/solarlehre.ch\/wp-content\/uploads\/2023\/06\/SOLA-Blog-Berufsmatura-3_Voraussetzung.png\" >\n        <\/div>\n        <div class=\"txt-wrap\">\n          <div class=\"text\"><strong>Pr\u00e9-requisito<\/strong><br>Se tiveres o diploma de estudos secund\u00e1rios profissionais no bolso, podes estudar n a Escola Superior Profissional Especializada ap\u00f3s o teu curso de forma\u00e7\u00e3o profissional, por exemplo, e subir mais rapidamente na carreira.<\/div>\n          <div class=\"unit\">3\/3<\/div>\n        <\/div>\n      <\/div>\n\n      <div class=\"panel panel-4\">\n        <div class=\"elementor-button-wrapper\">\n          <a href=\"https:\/\/solarlehre.ch\/pt-pt\/aprendizagem-com-bacharelato-profissional-o-que-preciso-de-saber\/\" class=\"elementor-button-link elementor-button elementor-size-sm\" role=\"button\">\n            <span class=\"elementor-button-content-wrapper\">\n              <span class=\"elementor-button-text\">Sobre a profiss\u00e3o<\/span>\n            <\/span>\n          <\/a>\n        <\/div>\n      <\/div>\n    <\/div>\n  <\/div>\n\n  <div class=\"elementor-button-wrapper desktop-button\">\n    <a href=\"https:\/\/solarlehre.ch\/pt-pt\/aprendizagem-com-bacharelato-profissional-o-que-preciso-de-saber\/\" class=\"elementor-button-link elementor-button elementor-size-sm\" role=\"button\">\n      <span class=\"elementor-button-content-wrapper\">\n        <span class=\"elementor-button-text\">Sobre a profiss\u00e3o<\/span>\n      <\/span>\n    <\/a>\n  <\/div>\n<\/div>\n\n <\/div>\n<!-- end Stories Big Teaser -->\t\t\t\t<\/div>\n\t\t\t\t<\/div>\n\t\t\t\t\t<\/div>\n\t\t<\/div>\n\t\t\t\t\t<\/div>\n\t\t<\/section>\n\t\t\t\t<section class=\"elementor-section elementor-top-section elementor-element elementor-element-f857416 elementor-section-full_width elementor-section-height-default elementor-section-height-default\" data-id=\"f857416\" data-element_type=\"section\" data-e-type=\"section\" data-settings=\"{&quot;_ha_eqh_enable&quot;:false}\">\n\t\t\t\t\t\t<div class=\"elementor-container elementor-column-gap-no\">\n\t\t\t\t\t<div class=\"elementor-column elementor-col-100 elementor-top-column elementor-element elementor-element-8b321d5\" data-id=\"8b321d5\" data-element_type=\"column\" data-e-type=\"column\">\n\t\t\t<div class=\"elementor-widget-wrap elementor-element-populated\">\n\t\t\t\t\t\t<div class=\"elementor-element elementor-element-cf96397 elementor-widget elementor-widget-template\" data-id=\"cf96397\" data-element_type=\"widget\" data-e-type=\"widget\" data-widget_type=\"template.default\">\n\t\t\t\t<div class=\"elementor-widget-container\">\n\t\t\t\t\t\t\t<div class=\"elementor-template\">\n\t\t\t\t\t<div data-elementor-type=\"section\" data-elementor-id=\"7695\" class=\"elementor elementor-7695 elementor-4455 elementor-4455\" data-elementor-settings=\"{&quot;ha_cmc_init_switcher&quot;:&quot;no&quot;}\" data-elementor-post-type=\"elementor_library\">\n\t\t\t\t\t<section class=\"elementor-section elementor-top-section elementor-element elementor-element-17f44a32 elementor-section-boxed elementor-section-height-default elementor-section-height-default\" data-id=\"17f44a32\" data-element_type=\"section\" data-e-type=\"section\" data-settings=\"{&quot;_ha_eqh_enable&quot;:false}\">\n\t\t\t\t\t\t<div class=\"elementor-container elementor-column-gap-default\">\n\t\t\t\t\t<div class=\"elementor-column elementor-col-100 elementor-top-column elementor-element elementor-element-5f59e620\" data-id=\"5f59e620\" data-element_type=\"column\" data-e-type=\"column\">\n\t\t\t<div class=\"elementor-widget-wrap elementor-element-populated\">\n\t\t\t\t\t\t<div class=\"elementor-element elementor-element-2efdee4b elementor-widget elementor-widget-heading\" data-id=\"2efdee4b\" data-element_type=\"widget\" data-e-type=\"widget\" data-widget_type=\"heading.default\">\n\t\t\t\t<div class=\"elementor-widget-container\">\n\t\t\t\t\t<h2 class=\"elementor-heading-title elementor-size-default\">PERGUNTAS?<\/h2>\t\t\t\t<\/div>\n\t\t\t\t<\/div>\n\t\t\t\t<div class=\"elementor-element elementor-element-3341b48c elementor-widget elementor-widget-ucaddon_content_accordion\" data-id=\"3341b48c\" data-element_type=\"widget\" data-e-type=\"widget\" data-widget_type=\"ucaddon_content_accordion.default\">\n\t\t\t\t<div class=\"elementor-widget-container\">\n\t\t\t\t\t\n<!-- start Content Accordion -->\n\t\t<link id='font-awesome-css' href='https:\/\/solarlehre.ch\/wp-content\/plugins\/unlimited-elements-for-elementor-premium\/assets_libraries\/font-awesome6\/fontawesome-all.min.css' type='text\/css' rel='stylesheet' >\n\t\t<link id='font-awesome-4-shim-css' href='https:\/\/solarlehre.ch\/wp-content\/plugins\/unlimited-elements-for-elementor-premium\/assets_libraries\/font-awesome6\/fontawesome-v4-shims.min.css' type='text\/css' rel='stylesheet' >\n\n<style>\/* widget: Content Accordion *\/\n\n#uc_content_accordion_elementor_3341b48c *{\n  box-sizing: border-box;\n}\n\n#uc_content_accordion_elementor_3341b48c .uc_ac_box\n{\n  overflow:hidden;\n}\n\n\n#uc_content_accordion_elementor_3341b48c em\n{\n  font-style: normal;\n}\n\n#uc_content_accordion_elementor_3341b48c .ue_heading_title\n{\n  position: absolute;\n  margin:0;\n  flex-grow:1;\n  left: 0;\n  right: 0;\n}\n\n#uc_content_accordion_elementor_3341b48c .uc_container .uc-heading\n{\n\tdisplay:flex;\n    align-items:center;\n\toverflow:hidden;\n\tcursor:pointer;\n  \n}\n#uc_content_accordion_elementor_3341b48c .uc_container .uc_content\n{\n    display:none;\n}\n\n#uc_content_accordion_elementor_3341b48c .uc_container .uc-heading span.ue_accordion_icon\n{\n\tdisplay:flex;\n    align-items:center;\n   \tjustify-content:center;\n    flex-grow:0;\n    flex-shrink:0;\n}\n#uc_content_accordion_elementor_3341b48c .uc_ac_box.uc-item-active span.uc_dactive\n{\n\tdisplay:none;\n}\n#uc_content_accordion_elementor_3341b48c .uc_ac_box:not(.uc-item-active) span.uc_active\n{\n\tdisplay:none;\n}\n#uc_content_accordion_elementor_3341b48c span.ue_accordion_icon svg\n{\n  height:1em;\n  width:1em;\n}\n\n#uc_content_accordion_elementor_3341b48c .uc_container .uc_btn {\n\n    text-align: center;\n    display: inline-block;\n    text-decoration: none;\n    transition: ease-in-out all 0.25s;\n}\n\n#uc_content_accordion_elementor_3341b48c .ue-item-image img\n{\n  width:100%;\n  display:block;\n  object-fit:cover;\n}\n\n<\/style>\n\n<div class=\"uc_material_accordion  \"  id=\"uc_content_accordion_elementor_3341b48c\"  data-name=\"\" data-scroll=\"off\" data-offset=\"0\" data-closeothers=\"true\" data-set-hash=\"true\" >\n  <div class=\"uc_container uc-items-wrapper\">\n    \n\n\n<div id=\"#ue-tab1\" class=\"uc_ac_box elementor-repeater-item-979f877 \" style=\"background-color:;\">\n  <div class=\"uc-heading uc_trigger\">\n    <span class=\"uc_dactive bbb ue_accordion_icon\"><svg xmlns=\"http:\/\/www.w3.org\/2000\/svg\" width=\"24\" height=\"24\" viewBox=\"0 0 24 24\"><path id=\"Plus_Icon_Orange\" data-name=\"Plus Icon Orange\" d=\"M24,12H16V4a2,2,0,0,0-4,0v8H4a2,2,0,0,0,0,4h8v8a2,2,0,0,0,4,0V16h8a2,2,0,0,0,0-4Z\" transform=\"translate(-2 -2)\" fill=\"#ff812d\"><\/path><\/svg><\/span> \n    <span class=\"uc_active bbb ue_accordion_icon\"><svg xmlns=\"http:\/\/www.w3.org\/2000\/svg\" width=\"24\" height=\"24\" viewBox=\"0 0 24 24\"><path id=\"Plus_Icon_Orange\" data-name=\"Plus Icon Orange\" d=\"M24,12H16V4a2,2,0,0,0-4,0v8H4a2,2,0,0,0,0,4h8v8a2,2,0,0,0,4,0V16h8a2,2,0,0,0,0-4Z\" transform=\"translate(-2 -2)\" fill=\"#ff812d\"><\/path><\/svg><\/span>\n    <div class=\"ue_heading_title\">Onde \u00e9 que posso fazer um curso profissional? <\/div>\n  <\/div>\n  \n  <div class=\"uc_content\" >\n        \n      \n         \n                      \n      \n              <div class=\"ue-item-text\"><p>Em cerca de <a href=\"https:\/\/solarlehre.ch\/pt-pt\/aprendizagem\/\">150 empresas de forma\u00e7\u00e3o<\/a>, tamb\u00e9m pr\u00f3ximo de si.<\/p>\n<\/div>\n      \n              \n      <\/div> \n<\/div>\n\n\n\n<div id=\"#ue-tab2\" class=\"uc_ac_box elementor-repeater-item-41b7cbd \" style=\"background-color:;\">\n  <div class=\"uc-heading uc_trigger\">\n    <span class=\"uc_dactive bbb ue_accordion_icon\"><svg xmlns=\"http:\/\/www.w3.org\/2000\/svg\" width=\"24\" height=\"24\" viewBox=\"0 0 24 24\"><path id=\"Plus_Icon_Orange\" data-name=\"Plus Icon Orange\" d=\"M24,12H16V4a2,2,0,0,0-4,0v8H4a2,2,0,0,0,0,4h8v8a2,2,0,0,0,4,0V16h8a2,2,0,0,0,0-4Z\" transform=\"translate(-2 -2)\" fill=\"#ff812d\"><\/path><\/svg><\/span> \n    <span class=\"uc_active bbb ue_accordion_icon\"><svg xmlns=\"http:\/\/www.w3.org\/2000\/svg\" width=\"24\" height=\"24\" viewBox=\"0 0 24 24\"><path id=\"Plus_Icon_Orange\" data-name=\"Plus Icon Orange\" d=\"M24,12H16V4a2,2,0,0,0-4,0v8H4a2,2,0,0,0,0,4h8v8a2,2,0,0,0,4,0V16h8a2,2,0,0,0,0-4Z\" transform=\"translate(-2 -2)\" fill=\"#ff812d\"><\/path><\/svg><\/span>\n    <div class=\"ue_heading_title\">Como \u00e9 a vida profissional quotidiana?  <\/div>\n  <\/div>\n  \n  <div class=\"uc_content\" >\n        \n      \n         \n                      \n      \n              <div class=\"ue-item-text\"><p>De manh\u00e3, o material \u00e9 preparado e depois viajas com a equipa para o local da obra. O tempo de dura\u00e7\u00e3o da montagem e da instala\u00e7\u00e3o varia em fun\u00e7\u00e3o da dimens\u00e3o do projeto e situa-se entre uma semana e um m\u00eas. A dura\u00e7\u00e3o da montagem e da instala\u00e7\u00e3o varia em fun\u00e7\u00e3o da dimens\u00e3o do projeto e dura entre uma semana e um m\u00eas.<\/p>\n<\/div>\n      \n              \n      <\/div> \n<\/div>\n\n\n\n<div id=\"#ue-tab3\" class=\"uc_ac_box elementor-repeater-item-e2fa844 \" style=\"background-color:;\">\n  <div class=\"uc-heading uc_trigger\">\n    <span class=\"uc_dactive bbb ue_accordion_icon\"><svg xmlns=\"http:\/\/www.w3.org\/2000\/svg\" width=\"24\" height=\"24\" viewBox=\"0 0 24 24\"><path id=\"Plus_Icon_Orange\" data-name=\"Plus Icon Orange\" d=\"M24,12H16V4a2,2,0,0,0-4,0v8H4a2,2,0,0,0,0,4h8v8a2,2,0,0,0,4,0V16h8a2,2,0,0,0,0-4Z\" transform=\"translate(-2 -2)\" fill=\"#ff812d\"><\/path><\/svg><\/span> \n    <span class=\"uc_active bbb ue_accordion_icon\"><svg xmlns=\"http:\/\/www.w3.org\/2000\/svg\" width=\"24\" height=\"24\" viewBox=\"0 0 24 24\"><path id=\"Plus_Icon_Orange\" data-name=\"Plus Icon Orange\" d=\"M24,12H16V4a2,2,0,0,0-4,0v8H4a2,2,0,0,0,0,4h8v8a2,2,0,0,0,4,0V16h8a2,2,0,0,0,0-4Z\" transform=\"translate(-2 -2)\" fill=\"#ff812d\"><\/path><\/svg><\/span>\n    <div class=\"ue_heading_title\">Tenho medo de alturas, isso constitui um problema? <\/div>\n  <\/div>\n  \n  <div class=\"uc_content\" >\n        \n      \n         \n                      \n      \n              <div class=\"ue-item-text\"><p>O respeito pela altura \u00e9 importante no telhado. No entanto, a utiliza\u00e7\u00e3o de andaimes e a aplica\u00e7\u00e3o de outras precau\u00e7\u00f5es de seguran\u00e7a ir\u00e3o provavelmente dissipar os teus receios. Para descobrires qual \u00e9 a sensa\u00e7\u00e3o e viveres tu pr\u00f3prio essa experi\u00eancia, o melhor ser\u00e1 inscreveres-te num <a href=\"https:\/\/solarlehre.ch\/pt-pt\/aprendizagem\/\">dia de porta<\/a> aberta junto de uma empresa dessa \u00e1rea.<\/p>\n<\/div>\n      \n              \n      <\/div> \n<\/div>\n\n\n\n<div id=\"#ue-tab4\" class=\"uc_ac_box elementor-repeater-item-407f36b \" style=\"background-color:;\">\n  <div class=\"uc-heading uc_trigger\">\n    <span class=\"uc_dactive bbb ue_accordion_icon\"><svg xmlns=\"http:\/\/www.w3.org\/2000\/svg\" width=\"24\" height=\"24\" viewBox=\"0 0 24 24\"><path id=\"Plus_Icon_Orange\" data-name=\"Plus Icon Orange\" d=\"M24,12H16V4a2,2,0,0,0-4,0v8H4a2,2,0,0,0,0,4h8v8a2,2,0,0,0,4,0V16h8a2,2,0,0,0,0-4Z\" transform=\"translate(-2 -2)\" fill=\"#ff812d\"><\/path><\/svg><\/span> \n    <span class=\"uc_active bbb ue_accordion_icon\"><svg xmlns=\"http:\/\/www.w3.org\/2000\/svg\" width=\"24\" height=\"24\" viewBox=\"0 0 24 24\"><path id=\"Plus_Icon_Orange\" data-name=\"Plus Icon Orange\" d=\"M24,12H16V4a2,2,0,0,0-4,0v8H4a2,2,0,0,0,0,4h8v8a2,2,0,0,0,4,0V16h8a2,2,0,0,0,0-4Z\" transform=\"translate(-2 -2)\" fill=\"#ff812d\"><\/path><\/svg><\/span>\n    <div class=\"ue_heading_title\">Aprenderei a p\u00f4r em funcionamento uma central de energia solar?<\/div>\n  <\/div>\n  \n  <div class=\"uc_content\" >\n        \n      \n         \n                      \n      \n              <div class=\"ue-item-text\"><p data-pm-slice=\"1 1 []\">Nos tr\u00eas anos de dura\u00e7\u00e3o do curso de t\u00e9cnico de instala\u00e7\u00e3o de sistemas de energia solar EFZ aprender\u00e1s efetivamente a faz\u00ea-lo, mas no curso de dois anos de t\u00e9cnico de montagem de sistemas de energia solar aprender\u00e1s apenas a montar esses sistemas.<\/p>\n<\/div>\n      \n              \n      <\/div> \n<\/div>\n\n\n\n<div id=\"#ue-tab5\" class=\"uc_ac_box elementor-repeater-item-8efa82e \" style=\"background-color:;\">\n  <div class=\"uc-heading uc_trigger\">\n    <span class=\"uc_dactive bbb ue_accordion_icon\"><svg xmlns=\"http:\/\/www.w3.org\/2000\/svg\" width=\"24\" height=\"24\" viewBox=\"0 0 24 24\"><path id=\"Plus_Icon_Orange\" data-name=\"Plus Icon Orange\" d=\"M24,12H16V4a2,2,0,0,0-4,0v8H4a2,2,0,0,0,0,4h8v8a2,2,0,0,0,4,0V16h8a2,2,0,0,0,0-4Z\" transform=\"translate(-2 -2)\" fill=\"#ff812d\"><\/path><\/svg><\/span> \n    <span class=\"uc_active bbb ue_accordion_icon\"><svg xmlns=\"http:\/\/www.w3.org\/2000\/svg\" width=\"24\" height=\"24\" viewBox=\"0 0 24 24\"><path id=\"Plus_Icon_Orange\" data-name=\"Plus Icon Orange\" d=\"M24,12H16V4a2,2,0,0,0-4,0v8H4a2,2,0,0,0,0,4h8v8a2,2,0,0,0,4,0V16h8a2,2,0,0,0,0-4Z\" transform=\"translate(-2 -2)\" fill=\"#ff812d\"><\/path><\/svg><\/span>\n    <div class=\"ue_heading_title\">Posso tirar o diploma de estudos secund\u00e1rios profissionais? <\/div>\n  <\/div>\n  \n  <div class=\"uc_content\" >\n        \n      \n         \n                      \n      \n              <div class=\"ue-item-text\"><p>Sim. Se tiveres um bom desempenho escolar, podes mesmo faz\u00ea-lo durante o teu curso profissional. \u00c9 prefer\u00edvel conversares diretamente com a tua empresa de forma\u00e7\u00e3o profissional relativamente a esta quest\u00e3o.<\/p>\n<\/div>\n      \n              \n      <\/div> \n<\/div>\n\n  <\/div>\n<\/div>\n\n\n<!-- end Content Accordion -->\t\t\t\t<\/div>\n\t\t\t\t<\/div>\n\t\t\t\t\t<\/div>\n\t\t<\/div>\n\t\t\t\t\t<\/div>\n\t\t<\/section>\n\t\t\t\t<\/div>\n\t\t\t\t<\/div>\n\t\t\t\t\t\t<\/div>\n\t\t\t\t<\/div>\n\t\t\t\t\t<\/div>\n\t\t<\/div>\n\t\t\t\t\t<\/div>\n\t\t<\/section>\n\t\t\t\t<\/div>\n\t\t","protected":false},"excerpt":{"rendered":"<p>PERSPETIVAS Aqui, andamos sempre para cima. Mesmo a tua carreira! Com o BMS, podes mesmo mais tarde ingressar na Escola Superior Profissional Especializada. https:\/\/solarlehre.ch\/wp-content\/uploads\/2023\/06\/Swissolar-GIF-3.mp4https:\/\/solarlehre.ch\/wp-content\/uploads\/2023\/06\/Swissolar-GIF-9.mp4https:\/\/solarlehre.ch\/wp-content\/uploads\/2023\/06\/Swissolar-GIF-11.mp4 Curso de forma\u00e7\u00e3o profissional com Diploma de estudos secund\u00e1rios profissionais &#8211; o que preciso de saber? Dura\u00e7\u00e3oSe tiveste boas notas no ensino basico, est\u00e1s motivado e queres continuar a aprender a [&hellip;]<\/p>\n","protected":false},"author":2,"featured_media":7903,"parent":0,"menu_order":60,"comment_status":"closed","ping_status":"closed","template":"","meta":{"_acf_changed":false,"footnotes":""},"class_list":["post-8060","page","type-page","status-publish","has-post-thumbnail","hentry"],"acf":[],"yoast_head":"<!-- This site is optimized with the Yoast SEO plugin v27.0 - https:\/\/yoast.com\/product\/yoast-seo-wordpress\/ -->\n<title>Ascens\u00e3o profissional - Solarlehre - Lerne Solarinstallateur:in<\/title>\n<meta name=\"description\" content=\"As coisas est\u00e3o a melhorar aqui. Mesmo com a tua carreira! S\u00e3o muitos os caminhos profissionais que se abrem para um instalador solar. Saiba mais aqui.\" \/>\n<meta name=\"robots\" content=\"index, follow, max-snippet:-1, max-image-preview:large, max-video-preview:-1\" \/>\n<link rel=\"canonical\" href=\"https:\/\/solarlehre.ch\/pt-pt\/subida\/\" \/>\n<meta property=\"og:locale\" content=\"pt_PT\" \/>\n<meta property=\"og:type\" content=\"article\" \/>\n<meta property=\"og:title\" content=\"Ascens\u00e3o profissional - Solarlehre - Lerne Solarinstallateur:in\" \/>\n<meta property=\"og:description\" content=\"As coisas est\u00e3o a melhorar aqui. Mesmo com a tua carreira! S\u00e3o muitos os caminhos profissionais que se abrem para um instalador solar. Saiba mais aqui.\" \/>\n<meta property=\"og:url\" content=\"https:\/\/solarlehre.ch\/pt-pt\/subida\/\" \/>\n<meta property=\"og:site_name\" content=\"Solarlehre - Lerne Solarinstallateur:in\" \/>\n<meta property=\"article:modified_time\" content=\"2024-03-11T08:38:28+00:00\" \/>\n<meta property=\"og:image\" content=\"https:\/\/solarlehre.ch\/wp-content\/uploads\/2023\/06\/Swissolar_Blog-Beruf-mit-Zukunft-1.jpg\" \/>\n\t<meta property=\"og:image:width\" content=\"600\" \/>\n\t<meta property=\"og:image:height\" content=\"799\" \/>\n\t<meta property=\"og:image:type\" content=\"image\/jpeg\" \/>\n<meta name=\"twitter:card\" content=\"summary_large_image\" \/>\n<meta name=\"twitter:label1\" content=\"Tempo estimado de leitura\" \/>\n\t<meta name=\"twitter:data1\" content=\"4 minutos\" \/>\n<script type=\"application\/ld+json\" class=\"yoast-schema-graph\">{\"@context\":\"https:\/\/schema.org\",\"@graph\":[{\"@type\":\"WebPage\",\"@id\":\"https:\/\/solarlehre.ch\/pt-pt\/subida\/\",\"url\":\"https:\/\/solarlehre.ch\/pt-pt\/subida\/\",\"name\":\"Ascens\u00e3o profissional - Solarlehre - Lerne Solarinstallateur:in\",\"isPartOf\":{\"@id\":\"https:\/\/solarlehre.ch\/pt-pt\/#website\"},\"primaryImageOfPage\":{\"@id\":\"https:\/\/solarlehre.ch\/pt-pt\/subida\/#primaryimage\"},\"image\":{\"@id\":\"https:\/\/solarlehre.ch\/pt-pt\/subida\/#primaryimage\"},\"thumbnailUrl\":\"https:\/\/solarlehre.ch\/wp-content\/uploads\/2023\/06\/Swissolar_Blog-Beruf-mit-Zukunft-1.jpg\",\"datePublished\":\"2023-05-20T11:46:15+00:00\",\"dateModified\":\"2024-03-11T08:38:28+00:00\",\"description\":\"As coisas est\u00e3o a melhorar aqui. Mesmo com a tua carreira! S\u00e3o muitos os caminhos profissionais que se abrem para um instalador solar. Saiba mais aqui.\",\"breadcrumb\":{\"@id\":\"https:\/\/solarlehre.ch\/pt-pt\/subida\/#breadcrumb\"},\"inLanguage\":\"pt-PT\",\"potentialAction\":[{\"@type\":\"ReadAction\",\"target\":[\"https:\/\/solarlehre.ch\/pt-pt\/subida\/\"]}]},{\"@type\":\"ImageObject\",\"inLanguage\":\"pt-PT\",\"@id\":\"https:\/\/solarlehre.ch\/pt-pt\/subida\/#primaryimage\",\"url\":\"https:\/\/solarlehre.ch\/wp-content\/uploads\/2023\/06\/Swissolar_Blog-Beruf-mit-Zukunft-1.jpg\",\"contentUrl\":\"https:\/\/solarlehre.ch\/wp-content\/uploads\/2023\/06\/Swissolar_Blog-Beruf-mit-Zukunft-1.jpg\",\"width\":600,\"height\":799},{\"@type\":\"BreadcrumbList\",\"@id\":\"https:\/\/solarlehre.ch\/pt-pt\/subida\/#breadcrumb\",\"itemListElement\":[{\"@type\":\"ListItem\",\"position\":1,\"name\":\"Home\",\"item\":\"https:\/\/solarlehre.ch\/pt-pt\/\"},{\"@type\":\"ListItem\",\"position\":2,\"name\":\"Ascens\u00e3o profissional\"}]},{\"@type\":\"WebSite\",\"@id\":\"https:\/\/solarlehre.ch\/pt-pt\/#website\",\"url\":\"https:\/\/solarlehre.ch\/pt-pt\/\",\"name\":\"Solarlehre - Lerne Solarinstallateur:in\",\"description\":\"\",\"publisher\":{\"@id\":\"https:\/\/solarlehre.ch\/pt-pt\/#organization\"},\"potentialAction\":[{\"@type\":\"SearchAction\",\"target\":{\"@type\":\"EntryPoint\",\"urlTemplate\":\"https:\/\/solarlehre.ch\/pt-pt\/?s={search_term_string}\"},\"query-input\":{\"@type\":\"PropertyValueSpecification\",\"valueRequired\":true,\"valueName\":\"search_term_string\"}}],\"inLanguage\":\"pt-PT\"},{\"@type\":\"Organization\",\"@id\":\"https:\/\/solarlehre.ch\/pt-pt\/#organization\",\"name\":\"Solarlehre - Lerne Solarinstallateur:in\",\"url\":\"https:\/\/solarlehre.ch\/pt-pt\/\",\"logo\":{\"@type\":\"ImageObject\",\"inLanguage\":\"pt-PT\",\"@id\":\"https:\/\/solarlehre.ch\/pt-pt\/#\/schema\/logo\/image\/\",\"url\":\"https:\/\/solarlehre.ch\/wp-content\/uploads\/2021\/02\/logo_negativ.png\",\"contentUrl\":\"https:\/\/solarlehre.ch\/wp-content\/uploads\/2021\/02\/logo_negativ.png\",\"width\":350,\"height\":92,\"caption\":\"Solarlehre - Lerne Solarinstallateur:in\"},\"image\":{\"@id\":\"https:\/\/solarlehre.ch\/pt-pt\/#\/schema\/logo\/image\/\"}}]}<\/script>\n<!-- \/ Yoast SEO plugin. -->","yoast_head_json":{"title":"Ascens\u00e3o profissional - Solarlehre - Lerne Solarinstallateur:in","description":"As coisas est\u00e3o a melhorar aqui. Mesmo com a tua carreira! S\u00e3o muitos os caminhos profissionais que se abrem para um instalador solar. Saiba mais aqui.","robots":{"index":"index","follow":"follow","max-snippet":"max-snippet:-1","max-image-preview":"max-image-preview:large","max-video-preview":"max-video-preview:-1"},"canonical":"https:\/\/solarlehre.ch\/pt-pt\/subida\/","og_locale":"pt_PT","og_type":"article","og_title":"Ascens\u00e3o profissional - Solarlehre - Lerne Solarinstallateur:in","og_description":"As coisas est\u00e3o a melhorar aqui. Mesmo com a tua carreira! S\u00e3o muitos os caminhos profissionais que se abrem para um instalador solar. Saiba mais aqui.","og_url":"https:\/\/solarlehre.ch\/pt-pt\/subida\/","og_site_name":"Solarlehre - Lerne Solarinstallateur:in","article_modified_time":"2024-03-11T08:38:28+00:00","og_image":[{"width":600,"height":799,"url":"https:\/\/solarlehre.ch\/wp-content\/uploads\/2023\/06\/Swissolar_Blog-Beruf-mit-Zukunft-1.jpg","type":"image\/jpeg"}],"twitter_card":"summary_large_image","twitter_misc":{"Tempo estimado de leitura":"4 minutos"},"schema":{"@context":"https:\/\/schema.org","@graph":[{"@type":"WebPage","@id":"https:\/\/solarlehre.ch\/pt-pt\/subida\/","url":"https:\/\/solarlehre.ch\/pt-pt\/subida\/","name":"Ascens\u00e3o profissional - Solarlehre - Lerne Solarinstallateur:in","isPartOf":{"@id":"https:\/\/solarlehre.ch\/pt-pt\/#website"},"primaryImageOfPage":{"@id":"https:\/\/solarlehre.ch\/pt-pt\/subida\/#primaryimage"},"image":{"@id":"https:\/\/solarlehre.ch\/pt-pt\/subida\/#primaryimage"},"thumbnailUrl":"https:\/\/solarlehre.ch\/wp-content\/uploads\/2023\/06\/Swissolar_Blog-Beruf-mit-Zukunft-1.jpg","datePublished":"2023-05-20T11:46:15+00:00","dateModified":"2024-03-11T08:38:28+00:00","description":"As coisas est\u00e3o a melhorar aqui. Mesmo com a tua carreira! S\u00e3o muitos os caminhos profissionais que se abrem para um instalador solar. Saiba mais aqui.","breadcrumb":{"@id":"https:\/\/solarlehre.ch\/pt-pt\/subida\/#breadcrumb"},"inLanguage":"pt-PT","potentialAction":[{"@type":"ReadAction","target":["https:\/\/solarlehre.ch\/pt-pt\/subida\/"]}]},{"@type":"ImageObject","inLanguage":"pt-PT","@id":"https:\/\/solarlehre.ch\/pt-pt\/subida\/#primaryimage","url":"https:\/\/solarlehre.ch\/wp-content\/uploads\/2023\/06\/Swissolar_Blog-Beruf-mit-Zukunft-1.jpg","contentUrl":"https:\/\/solarlehre.ch\/wp-content\/uploads\/2023\/06\/Swissolar_Blog-Beruf-mit-Zukunft-1.jpg","width":600,"height":799},{"@type":"BreadcrumbList","@id":"https:\/\/solarlehre.ch\/pt-pt\/subida\/#breadcrumb","itemListElement":[{"@type":"ListItem","position":1,"name":"Home","item":"https:\/\/solarlehre.ch\/pt-pt\/"},{"@type":"ListItem","position":2,"name":"Ascens\u00e3o profissional"}]},{"@type":"WebSite","@id":"https:\/\/solarlehre.ch\/pt-pt\/#website","url":"https:\/\/solarlehre.ch\/pt-pt\/","name":"Solarlehre - Lerne Solarinstallateur:in","description":"","publisher":{"@id":"https:\/\/solarlehre.ch\/pt-pt\/#organization"},"potentialAction":[{"@type":"SearchAction","target":{"@type":"EntryPoint","urlTemplate":"https:\/\/solarlehre.ch\/pt-pt\/?s={search_term_string}"},"query-input":{"@type":"PropertyValueSpecification","valueRequired":true,"valueName":"search_term_string"}}],"inLanguage":"pt-PT"},{"@type":"Organization","@id":"https:\/\/solarlehre.ch\/pt-pt\/#organization","name":"Solarlehre - Lerne Solarinstallateur:in","url":"https:\/\/solarlehre.ch\/pt-pt\/","logo":{"@type":"ImageObject","inLanguage":"pt-PT","@id":"https:\/\/solarlehre.ch\/pt-pt\/#\/schema\/logo\/image\/","url":"https:\/\/solarlehre.ch\/wp-content\/uploads\/2021\/02\/logo_negativ.png","contentUrl":"https:\/\/solarlehre.ch\/wp-content\/uploads\/2021\/02\/logo_negativ.png","width":350,"height":92,"caption":"Solarlehre - Lerne Solarinstallateur:in"},"image":{"@id":"https:\/\/solarlehre.ch\/pt-pt\/#\/schema\/logo\/image\/"}}]}},"_links":{"self":[{"href":"https:\/\/solarlehre.ch\/pt-pt\/wp-json\/wp\/v2\/pages\/8060","targetHints":{"allow":["GET"]}}],"collection":[{"href":"https:\/\/solarlehre.ch\/pt-pt\/wp-json\/wp\/v2\/pages"}],"about":[{"href":"https:\/\/solarlehre.ch\/pt-pt\/wp-json\/wp\/v2\/types\/page"}],"author":[{"embeddable":true,"href":"https:\/\/solarlehre.ch\/pt-pt\/wp-json\/wp\/v2\/users\/2"}],"replies":[{"embeddable":true,"href":"https:\/\/solarlehre.ch\/pt-pt\/wp-json\/wp\/v2\/comments?post=8060"}],"version-history":[{"count":22,"href":"https:\/\/solarlehre.ch\/pt-pt\/wp-json\/wp\/v2\/pages\/8060\/revisions"}],"predecessor-version":[{"id":9330,"href":"https:\/\/solarlehre.ch\/pt-pt\/wp-json\/wp\/v2\/pages\/8060\/revisions\/9330"}],"wp:featuredmedia":[{"embeddable":true,"href":"https:\/\/solarlehre.ch\/pt-pt\/wp-json\/wp\/v2\/media\/7903"}],"wp:attachment":[{"href":"https:\/\/solarlehre.ch\/pt-pt\/wp-json\/wp\/v2\/media?parent=8060"}],"curies":[{"name":"wp","href":"https:\/\/api.w.org\/{rel}","templated":true}]}}